{"id":3052,"date":"2022-10-24T11:47:39","date_gmt":"2022-10-24T09:47:39","guid":{"rendered":"https:\/\/tmssl.com\/?post_type=product&#038;p=3052"},"modified":"2023-02-16T15:57:42","modified_gmt":"2023-02-16T14:57:42","slug":"portacuchillas-roland","status":"publish","type":"product","link":"https:\/\/tmssl.com\/en\/product\/portacuchillas-roland\/","title":{"rendered":"PORTACUCHILLAS COMPATIBLE ROLAND"},"content":{"rendered":"","protected":false},"excerpt":{"rendered":"<p><em>Portacuchillas gen\u00e9rico, ajustable y de alta calidad es adecuado para todas las impresoras Roland con funci\u00f3n de corte.<\/em><\/p>","protected":false},"featured_media":0,"comment_status":"open","ping_status":"closed","template":"","meta":{"jetpack_publicize_message":"{title}\n\n{excerpt}\n\n{url}","jetpack_publicize_feature_enabled":true,"jetpack_social_post_already_shared":true,"jetpack_social_options":{"image_generator_settings":{"template":"highway","default_image_id":0,"font":"","enabled":false},"version":2},"_wpas_customize_per_network":false},"product_brand":[],"product_cat":[122607,122606,122749],"product_tag":[],"class_list":["post-3052","product","type-product","status-publish","product_cat-accesorios-y-cuchillas","product_cat-plotter-de-corte","product_cat-roland","first","instock","taxable","shipping-taxable","purchasable","product-type-simple"],"yoast_head":"<!-- This site is optimized with the Yoast SEO plugin v28.3 - https:\/\/yoast.com\/product\/yoast-seo-wordpress\/ -->\n<title>PORTACUCHILLAS COMPATIBLE ROLAND - TAG TEXTIL DESIGN<\/title>\n<meta name=\"robots\" content=\"index, follow, max-snippet:-1, max-image-preview:large, max-video-preview:-1\" \/>\n<link rel=\"canonical\" href=\"https:\/\/tmssl.com\/en\/product\/portacuchillas-roland\/\" \/>\n<meta property=\"og:locale\" content=\"en_GB\" \/>\n<meta property=\"og:type\" content=\"article\" \/>\n<meta property=\"og:title\" content=\"PORTACUCHILLAS COMPATIBLE ROLAND - TAG TEXTIL DESIGN\" \/>\n<meta property=\"og:description\" content=\"Portacuchillas gen\u00e9rico, ajustable y de alta calidad es adecuado para todas las impresoras Roland con funci\u00f3n de corte.\" \/>\n<meta property=\"og:url\" content=\"https:\/\/tmssl.com\/en\/product\/portacuchillas-roland\/\" \/>\n<meta property=\"og:site_name\" content=\"TAG TEXTIL DESIGN\" \/>\n<meta property=\"article:modified_time\" content=\"2023-02-16T14:57:42+00:00\" \/>\n<meta property=\"og:image\" content=\"https:\/\/i0.wp.com\/tmssl.com\/wp-content\/uploads\/2022\/10\/PORTACUCHILLAS_Mesa-de-trabajo-1.jpg?fit=886%2C886&ssl=1\" \/>\n\t<meta property=\"og:image:width\" content=\"886\" \/>\n\t<meta property=\"og:image:height\" content=\"886\" \/>\n\t<meta property=\"og:image:type\" content=\"image\/jpeg\" \/>\n<meta name=\"twitter:card\" content=\"summary_large_image\" \/>\n<script type=\"application\/ld+json\" class=\"yoast-schema-graph\">{\"@context\":\"https:\\\/\\\/schema.org\",\"@graph\":[{\"@type\":\"WebPage\",\"@id\":\"https:\\\/\\\/tmssl.com\\\/producto\\\/portacuchillas-roland\\\/\",\"url\":\"https:\\\/\\\/tmssl.com\\\/producto\\\/portacuchillas-roland\\\/\",\"name\":\"PORTACUCHILLAS COMPATIBLE ROLAND - TAG TEXTIL DESIGN\",\"isPartOf\":{\"@id\":\"https:\\\/\\\/tmssl.com\\\/en\\\/#website\"},\"datePublished\":\"2022-10-24T09:47:39+00:00\",\"dateModified\":\"2023-02-16T14:57:42+00:00\",\"breadcrumb\":{\"@id\":\"https:\\\/\\\/tmssl.com\\\/producto\\\/portacuchillas-roland\\\/#breadcrumb\"},\"inLanguage\":\"en-GB\",\"potentialAction\":[{\"@type\":\"ReadAction\",\"target\":[\"https:\\\/\\\/tmssl.com\\\/producto\\\/portacuchillas-roland\\\/\"]}]},{\"@type\":\"BreadcrumbList\",\"@id\":\"https:\\\/\\\/tmssl.com\\\/producto\\\/portacuchillas-roland\\\/#breadcrumb\",\"itemListElement\":[{\"@type\":\"ListItem\",\"position\":1,\"name\":\"Portada\",\"item\":\"https:\\\/\\\/tmssl.com\\\/\"},{\"@type\":\"ListItem\",\"position\":2,\"name\":\"Shop\",\"item\":\"https:\\\/\\\/tmssl.com\\\/?page_id=6009\"},{\"@type\":\"ListItem\",\"position\":3,\"name\":\"PORTACUCHILLAS COMPATIBLE ROLAND\"}]},{\"@type\":\"WebSite\",\"@id\":\"https:\\\/\\\/tmssl.com\\\/en\\\/#website\",\"url\":\"https:\\\/\\\/tmssl.com\\\/en\\\/\",\"name\":\"www.tmssl.com\",\"description\":\"Venta de vinilo textil, y consumibles para la personalizacion.\",\"publisher\":{\"@id\":\"https:\\\/\\\/tmssl.com\\\/en\\\/#organization\"},\"potentialAction\":[{\"@type\":\"SearchAction\",\"target\":{\"@type\":\"EntryPoint\",\"urlTemplate\":\"https:\\\/\\\/tmssl.com\\\/en\\\/?s={search_term_string}\"},\"query-input\":{\"@type\":\"PropertyValueSpecification\",\"valueRequired\":true,\"valueName\":\"search_term_string\"}}],\"inLanguage\":\"en-GB\"},{\"@type\":\"Organization\",\"@id\":\"https:\\\/\\\/tmssl.com\\\/en\\\/#organization\",\"name\":\"www.tmssl.com\",\"url\":\"https:\\\/\\\/tmssl.com\\\/en\\\/\",\"logo\":{\"@type\":\"ImageObject\",\"inLanguage\":\"en-GB\",\"@id\":\"https:\\\/\\\/tmssl.com\\\/en\\\/#\\\/schema\\\/logo\\\/image\\\/\",\"url\":\"https:\\\/\\\/tmssl.com\\\/wp-content\\\/uploads\\\/2023\\\/07\\\/LOGO-TMS-ALTA-01.jpg\",\"contentUrl\":\"https:\\\/\\\/tmssl.com\\\/wp-content\\\/uploads\\\/2023\\\/07\\\/LOGO-TMS-ALTA-01.jpg\",\"width\":598,\"height\":597,\"caption\":\"www.tmssl.com\"},\"image\":{\"@id\":\"https:\\\/\\\/tmssl.com\\\/en\\\/#\\\/schema\\\/logo\\\/image\\\/\"},\"sameAs\":[\"https:\\\/\\\/www.instagram.com\\\/vinilotextil.tmssl\\\/\"]}]}<\/script>\n<!-- \/ Yoast SEO plugin. -->","yoast_head_json":{"title":"PORTACUCHILLAS COMPATIBLE ROLAND - TAG TEXTIL DESIGN","robots":{"index":"index","follow":"follow","max-snippet":"max-snippet:-1","max-image-preview":"max-image-preview:large","max-video-preview":"max-video-preview:-1"},"canonical":"https:\/\/tmssl.com\/en\/product\/portacuchillas-roland\/","og_locale":"en_GB","og_type":"article","og_title":"PORTACUCHILLAS COMPATIBLE ROLAND - TAG TEXTIL DESIGN","og_description":"Portacuchillas gen\u00e9rico, ajustable y de alta calidad es adecuado para todas las impresoras Roland con funci\u00f3n de corte.","og_url":"https:\/\/tmssl.com\/en\/product\/portacuchillas-roland\/","og_site_name":"TAG TEXTIL DESIGN","article_modified_time":"2023-02-16T14:57:42+00:00","og_image":[{"width":886,"height":886,"url":"https:\/\/i0.wp.com\/tmssl.com\/wp-content\/uploads\/2022\/10\/PORTACUCHILLAS_Mesa-de-trabajo-1.jpg?fit=886%2C886&ssl=1","type":"image\/jpeg"}],"twitter_card":"summary_large_image","schema":{"@context":"https:\/\/schema.org","@graph":[{"@type":"WebPage","@id":"https:\/\/tmssl.com\/producto\/portacuchillas-roland\/","url":"https:\/\/tmssl.com\/producto\/portacuchillas-roland\/","name":"PORTACUCHILLAS COMPATIBLE ROLAND - TAG TEXTIL DESIGN","isPartOf":{"@id":"https:\/\/tmssl.com\/en\/#website"},"datePublished":"2022-10-24T09:47:39+00:00","dateModified":"2023-02-16T14:57:42+00:00","breadcrumb":{"@id":"https:\/\/tmssl.com\/producto\/portacuchillas-roland\/#breadcrumb"},"inLanguage":"en-GB","potentialAction":[{"@type":"ReadAction","target":["https:\/\/tmssl.com\/producto\/portacuchillas-roland\/"]}]},{"@type":"BreadcrumbList","@id":"https:\/\/tmssl.com\/producto\/portacuchillas-roland\/#breadcrumb","itemListElement":[{"@type":"ListItem","position":1,"name":"Portada","item":"https:\/\/tmssl.com\/"},{"@type":"ListItem","position":2,"name":"Shop","item":"https:\/\/tmssl.com\/?page_id=6009"},{"@type":"ListItem","position":3,"name":"PORTACUCHILLAS COMPATIBLE ROLAND"}]},{"@type":"WebSite","@id":"https:\/\/tmssl.com\/en\/#website","url":"https:\/\/tmssl.com\/en\/","name":"www.tmssl.com","description":"Venta de vinilo textil, y consumibles para la personalizacion.","publisher":{"@id":"https:\/\/tmssl.com\/en\/#organization"},"potentialAction":[{"@type":"SearchAction","target":{"@type":"EntryPoint","urlTemplate":"https:\/\/tmssl.com\/en\/?s={search_term_string}"},"query-input":{"@type":"PropertyValueSpecification","valueRequired":true,"valueName":"search_term_string"}}],"inLanguage":"en-GB"},{"@type":"Organization","@id":"https:\/\/tmssl.com\/en\/#organization","name":"www.tmssl.com","url":"https:\/\/tmssl.com\/en\/","logo":{"@type":"ImageObject","inLanguage":"en-GB","@id":"https:\/\/tmssl.com\/en\/#\/schema\/logo\/image\/","url":"https:\/\/tmssl.com\/wp-content\/uploads\/2023\/07\/LOGO-TMS-ALTA-01.jpg","contentUrl":"https:\/\/tmssl.com\/wp-content\/uploads\/2023\/07\/LOGO-TMS-ALTA-01.jpg","width":598,"height":597,"caption":"www.tmssl.com"},"image":{"@id":"https:\/\/tmssl.com\/en\/#\/schema\/logo\/image\/"},"sameAs":["https:\/\/www.instagram.com\/vinilotextil.tmssl\/"]}]}},"jetpack_publicize_connections":[],"jetpack_likes_enabled":true,"jetpack-related-posts":[{"id":4664,"url":"https:\/\/tmssl.com\/en\/product\/portacuchillas-para-cuchillas-de-diametro-15-mm-cb15-series-rojo-con-muelle\/","url_meta":{"origin":3052,"position":0},"title":"Portacuchillas para cuchillas de diametro 1,5 mm (CB15 series) \u2013 Rojo con muelle","author":"Info","date":"16 de February de 2023","format":false,"excerpt":"Portacuchillas estandard original Graphtec para cuchillas de 1,5 mm de diametro Punta roja + punta ABS negra (con muelle). Si exiges los mejores resultados de corte posibles, entonces no utilices portacuchillas de terceros. Consigue los mejores resultados con cuchillas y portacuchillas originales de Graphtec. Tipo de cuchillas CB15U (Series: CE,FC,FCX)","rel":"","context":"Similar post","block_context":{"text":"Similar post","link":""},"img":{"alt_text":"","src":"https:\/\/i0.wp.com\/tmssl.com\/wp-content\/uploads\/2023\/02\/PHP33-CB15N-HS-2.webp?resize=350%2C200&ssl=1","width":350,"height":200,"srcset":"https:\/\/i0.wp.com\/tmssl.com\/wp-content\/uploads\/2023\/02\/PHP33-CB15N-HS-2.webp?resize=350%2C200&ssl=1 1x, https:\/\/i0.wp.com\/tmssl.com\/wp-content\/uploads\/2023\/02\/PHP33-CB15N-HS-2.webp?resize=525%2C300&ssl=1 1.5x, https:\/\/i0.wp.com\/tmssl.com\/wp-content\/uploads\/2023\/02\/PHP33-CB15N-HS-2.webp?resize=700%2C400&ssl=1 2x"},"classes":[]},{"id":4674,"url":"https:\/\/tmssl.com\/en\/product\/portacuchillas-compatibles-graphtec-cb15\/","url_meta":{"origin":3052,"position":1},"title":"PORTACUCHILLAS COMPATIBLES GRAPHTEC (CB15)","author":"Info","date":"16 de February de 2023","format":false,"excerpt":"PORTACUCHILLAS CB15. Este soporte de cortador gen\u00e9rico de 1,5 mm de di\u00e1metro es adecuado para m\u00e1quinas Graphtec. Este soporte de alta calidad corresponde al n\u00famero de pieza de Graphtec PHP32-CB15N-HS. Este soporte se puede utilizar con cuchillas gen\u00e9ricas\u00a0 o cuchillas originales Graphtec. \u00a0","rel":"","context":"Similar post","block_context":{"text":"Similar post","link":""},"img":{"alt_text":"","src":"https:\/\/i0.wp.com\/tmssl.com\/wp-content\/uploads\/2022\/10\/0038742_550.webp?resize=350%2C200&ssl=1","width":350,"height":200,"srcset":"https:\/\/i0.wp.com\/tmssl.com\/wp-content\/uploads\/2022\/10\/0038742_550.webp?resize=350%2C200&ssl=1 1x, https:\/\/i0.wp.com\/tmssl.com\/wp-content\/uploads\/2022\/10\/0038742_550.webp?resize=525%2C300&ssl=1 1.5x"},"classes":[]},{"id":4657,"url":"https:\/\/tmssl.com\/en\/product\/portacuchillas-para-cuchillas-de-diametro-09-mm-cb09-series-azul-con-muelle\/","url_meta":{"origin":3052,"position":2},"title":"Portacuchillas para cuchillas de diametro 0,9 mm (CB09 series) \u2013 Azul con muelle","author":"Info","date":"16 de February de 2023","format":false,"excerpt":"Portacuchillas original Graphtec para cuchillas de 0,9 mm de diametro Punta azul + punta ABS negra (con muelle). Si exiges los mejores resultados de corte posibles, entonces no utilices portacuchillas de terceros. Consigue los mejores resultados con cuchillas y portacuchillas originales de Graphtec. Tipo de cuchillas CB09UB series (Series: CE,FC,FCX)\u2026","rel":"","context":"Similar post","block_context":{"text":"Similar post","link":""},"img":{"alt_text":"","src":"https:\/\/i0.wp.com\/tmssl.com\/wp-content\/uploads\/2023\/02\/PHP33-CB09N-HS-3-1.webp?resize=350%2C200&ssl=1","width":350,"height":200,"srcset":"https:\/\/i0.wp.com\/tmssl.com\/wp-content\/uploads\/2023\/02\/PHP33-CB09N-HS-3-1.webp?resize=350%2C200&ssl=1 1x, https:\/\/i0.wp.com\/tmssl.com\/wp-content\/uploads\/2023\/02\/PHP33-CB09N-HS-3-1.webp?resize=525%2C300&ssl=1 1.5x, https:\/\/i0.wp.com\/tmssl.com\/wp-content\/uploads\/2023\/02\/PHP33-CB09N-HS-3-1.webp?resize=700%2C400&ssl=1 2x"},"classes":[]},{"id":4689,"url":"https:\/\/tmssl.com\/en\/product\/cuchilla-compatible-para-graphtec-60-cb15u\/","url_meta":{"origin":3052,"position":3},"title":"CUCHILLA COMPATIBLE PARA GRAPHTEC 60\u00b0 &#8211; CB15U","author":"Info","date":"16 de February de 2023","format":false,"excerpt":"CUCHILLAS GRAPHTEC 60\u00ba PORTACUCHILLAS CB15. Este juego gen\u00e9rico de 5 cuchillas es adecuado para plotters de corte Graphtec que utilizan un soporte de cortador CB15N (para cuchillas de \u03c6 1,5 mm). Estas cuchillas incluyen resortes. Tienen un \u00e1ngulo de corte de 60\u00b0, un valor de compensaci\u00f3n de 0,75 mm y\u2026","rel":"","context":"Similar post","block_context":{"text":"Similar post","link":""},"img":{"alt_text":"","src":"https:\/\/i0.wp.com\/tmssl.com\/wp-content\/uploads\/2022\/10\/0038742_550.webp?resize=350%2C200&ssl=1","width":350,"height":200,"srcset":"https:\/\/i0.wp.com\/tmssl.com\/wp-content\/uploads\/2022\/10\/0038742_550.webp?resize=350%2C200&ssl=1 1x, https:\/\/i0.wp.com\/tmssl.com\/wp-content\/uploads\/2022\/10\/0038742_550.webp?resize=525%2C300&ssl=1 1.5x"},"classes":[]},{"id":4709,"url":"https:\/\/tmssl.com\/en\/product\/cuchilla-compatible-para-graphtec-45-cb15u\/","url_meta":{"origin":3052,"position":4},"title":"CUCHILLA COMPATIBLE PARA GRAPHTEC 45\u00b0 &#8211; CB15U","author":"Info","date":"16 de February de 2023","format":false,"excerpt":"CUCHILLAS GRAPHTEC 45\u00ba PORTACUCHILLAS CB15. Este juego gen\u00e9rico de 5 cuchillas es adecuado para plotters de corte Graphtec que utilizan un soporte de cortador CB15N (para cuchillas de \u03c6 1,5 mm). Estas hojas tienen un \u00e1ngulo de corte de 45\u00b0, un valor de compensaci\u00f3n de 0,75 mm y un di\u00e1metro\u2026","rel":"","context":"Similar post","block_context":{"text":"Similar post","link":""},"img":{"alt_text":"","src":"https:\/\/i0.wp.com\/tmssl.com\/wp-content\/uploads\/2022\/10\/0038742_550.webp?resize=350%2C200&ssl=1","width":350,"height":200,"srcset":"https:\/\/i0.wp.com\/tmssl.com\/wp-content\/uploads\/2022\/10\/0038742_550.webp?resize=350%2C200&ssl=1 1x, https:\/\/i0.wp.com\/tmssl.com\/wp-content\/uploads\/2022\/10\/0038742_550.webp?resize=525%2C300&ssl=1 1.5x"},"classes":[]},{"id":3088,"url":"https:\/\/tmssl.com\/en\/product\/portacuchillas-compatibles-graphtec\/","url_meta":{"origin":3052,"position":5},"title":"PORTACUCHILLAS COMPATIBLES GRAPHTEC (CB09)","author":"Info","date":"24 de October de 2022","format":false,"excerpt":"PORTACUCHILLAS CB09. Este soporte de cortador gen\u00e9rico de 0,9 mm de di\u00e1metro es adecuado para m\u00e1quinas Graphtec. Este soporte para cortadores de alta calidad corresponde al n\u00famero de pieza de Graphtec PHP32-CB09N-HS. Este portacuchillas se puede utilizar con o cuchillas originales de Graphtec.","rel":"","context":"Similar post","block_context":{"text":"Similar post","link":""},"img":{"alt_text":"","src":"https:\/\/i0.wp.com\/tmssl.com\/wp-content\/uploads\/2022\/10\/0038742_550.webp?resize=350%2C200&ssl=1","width":350,"height":200,"srcset":"https:\/\/i0.wp.com\/tmssl.com\/wp-content\/uploads\/2022\/10\/0038742_550.webp?resize=350%2C200&ssl=1 1x, https:\/\/i0.wp.com\/tmssl.com\/wp-content\/uploads\/2022\/10\/0038742_550.webp?resize=525%2C300&ssl=1 1.5x"},"classes":[]}],"jetpack_sharing_enabled":true,"tiered_pricing_type":"fixed","tiered_pricing_fixed_rules":{"2":30},"tiered_pricing_product_settings":{"layout":"default","base_unit_name":{"singular":null,"plural":null},"default_variation":null},"tiered_pricing_minimum_quantity":null,"tiered_pricing_roles_data":[],"tiered_pricing_percentage_rules":[],"_links":{"self":[{"href":"https:\/\/tmssl.com\/en\/wp-json\/wp\/v2\/product\/3052","targetHints":{"allow":["GET"]}}],"collection":[{"href":"https:\/\/tmssl.com\/en\/wp-json\/wp\/v2\/product"}],"about":[{"href":"https:\/\/tmssl.com\/en\/wp-json\/wp\/v2\/types\/product"}],"replies":[{"embeddable":true,"href":"https:\/\/tmssl.com\/en\/wp-json\/wp\/v2\/comments?post=3052"}],"version-history":[{"count":1,"href":"https:\/\/tmssl.com\/en\/wp-json\/wp\/v2\/product\/3052\/revisions"}],"predecessor-version":[{"id":3061,"href":"https:\/\/tmssl.com\/en\/wp-json\/wp\/v2\/product\/3052\/revisions\/3061"}],"wp:attachment":[{"href":"https:\/\/tmssl.com\/en\/wp-json\/wp\/v2\/media?parent=3052"}],"wp:term":[{"taxonomy":"product_brand","embeddable":true,"href":"https:\/\/tmssl.com\/en\/wp-json\/wp\/v2\/product_brand?post=3052"},{"taxonomy":"product_cat","embeddable":true,"href":"https:\/\/tmssl.com\/en\/wp-json\/wp\/v2\/product_cat?post=3052"},{"taxonomy":"product_tag","embeddable":true,"href":"https:\/\/tmssl.com\/en\/wp-json\/wp\/v2\/product_tag?post=3052"}],"curies":[{"name":"wp","href":"https:\/\/api.w.org\/{rel}","templated":true}]}}